{"id":11,"date":"2013-02-13T16:37:57","date_gmt":"2013-02-13T14:37:57","guid":{"rendered":"http:\/\/www.buettcher.de\/wp\/?page_id=11"},"modified":"2023-08-22T16:30:25","modified_gmt":"2023-08-22T14:30:25","slug":"aktuell","status":"publish","type":"page","link":"http:\/\/www.buettcher.de\/","title":{"rendered":"Aktuell"},"content":{"rendered":"\n<p><\/p>\n\n\n\n<div class=\"wp-block-media-text alignfull is-stacked-on-mobile is-vertically-aligned-center\" style=\"grid-template-columns:47% auto\"><figure class=\"wp-block-media-text__media\"><a href=\"https:\/\/egym-wellpass.com\/?gclid=Cj0KCQjwn9CgBhDjARIsAD15h0C5_tlTQU6E0uxg2xG9WMZMHR3nBMxpj7z2L4DMn-Wyevw9cXFY1hsaAuLXEALw_wcB\"><img decoding=\"async\" loading=\"lazy\" width=\"284\" height=\"93\" src=\"http:\/\/www.buettcher.de\/wp-content\/uploads\/2023\/03\/egym.jpg\" alt=\"\" class=\"wp-image-568 size-full\"\/><\/a><\/figure><div class=\"wp-block-media-text__content\">\n<h3 class=\"has-text-align-center wp-block-heading has-text-color\" style=\"color:#000000\">Unterst\u00fctzt Ihre Firma Sie bei ihrer Gesundheit?<\/h3>\n\n\n\n<p>Immer mehr Firmen werden Partner bei der Gesundheitsf\u00f6rderung ihrer Mitarbeiter mit dem <strong>EGYM-Wellpass<\/strong>.<\/p>\n\n\n\n<p>Ist ihr Arbeitgeber bereits Mitglied ?<\/p>\n\n\n\n<p>Als <strong>EGYM-Partner<\/strong> bieten wir ihnen unkomplizierte und effektive <strong>Trainingsangebote<\/strong>. <\/p>\n\n\n\n<p><\/p>\n\n\n\n<p class=\"has-text-align-center has-extra-small-font-size\"><a rel=\"noreferrer noopener\" href=\"https:\/\/egym-wellpass.com\/?gclid=Cj0KCQjwn9CgBhDjARIsAD15h0C5_tlTQU6E0uxg2xG9WMZMHR3nBMxpj7z2L4DMn-Wyevw9cXFY1hsaAuLXEALw_wcB\" target=\"_blank\"><strong>EGYM-Wellpass Homepage<\/strong><\/a><\/p>\n<\/div><\/div>\n\n\n\n<p><\/p>\n\n\n\n<p><\/p>\n\n\n\n<div style=\"height:100px\" aria-hidden=\"true\" class=\"wp-block-spacer\"><\/div>\n\n\n\n<h1 class=\"has-text-align-center\"><strong>UNSERE AKTUELLEN \u00d6FFNUNGSZEITEN<\/strong><\/h1>\n\n\n\n<p><\/p>\n\n\n<div class=\"wp-block-image\">\n<figure class=\"aligncenter size-full\"><a href=\"http:\/\/www.buettcher.de\/wp-content\/uploads\/2023\/03\/offnungszeiten.jpg\"><img decoding=\"async\" loading=\"lazy\" width=\"692\" height=\"517\" src=\"http:\/\/www.buettcher.de\/wp-content\/uploads\/2023\/03\/offnungszeiten.jpg\" alt=\"\" class=\"wp-image-561\" srcset=\"http:\/\/www.buettcher.de\/wp-content\/uploads\/2023\/03\/offnungszeiten.jpg 692w, http:\/\/www.buettcher.de\/wp-content\/uploads\/2023\/03\/offnungszeiten-300x224.jpg 300w, http:\/\/www.buettcher.de\/wp-content\/uploads\/2023\/03\/offnungszeiten-624x466.jpg 624w\" sizes=\"(max-width: 692px) 100vw, 692px\" \/><\/a><\/figure><\/div>\n\n<div>\n<h1 class=\"alignleft\">Therapie &amp; Fitness in Horgenzell<\/h1>\n<p><\/p>\n<p>Auf den folgenden Seiten m\u00f6chten wir Sie \u00fcber die Leistungsvielfalt unserer neuen Einrichtung informieren und Ihnen die Gelegenheit geben, sich in aller Ruhe bei uns umzusehen.<\/p>\n<p>Wir w\u00fcnschen Ihnen viel Spa\u00df bei der virtuellen \u00dcbersicht und hoffen, Sie bald bei uns pers\u00f6nlich begr\u00fc\u00dfen zu d\u00fcrfen.<\/p>\n<p>Nutzen Sie unsere Leistungen nicht ausschlie\u00dflich als therapeutisches Heilmittel, sondern auch im <strong>Fitness-Zirkel<\/strong> und im Rahmen der <strong>Pr\u00e4vention<\/strong> zur Erhaltung Ihres Wohlbefindens und Steigerung Ihrer Leistungsf\u00e4higkeit.<\/p>\n<div>&nbsp;<\/div>\n<p><\/p>\n<h2><strong>Neu in unserer Einrichtung!<br><\/strong><\/h2>\n<p><strong>Manuelle Therapie f\u00fcr S\u00e4uglinge, Kinder und Jugendliche<\/strong>, ist eine neue Therapie die seit 2012 in unserer Einrichtung ausge\u00fcbt wird. Vergleichsweise kleine Pathologien k\u00f6nnen sich im Verlauf der Entwicklung des kindlichen Organismus zu gro\u00dfen Sch\u00e4den auswachsen. Diese k\u00f6nnen weitgehend verhindert, stark vermindert oder vollst\u00e4ndig r\u00fcckg\u00e4ngig gemacht werden, je fr\u00fcher und konsequenter die Therapie einsetzt.<\/p>\n<\/div>\n<div>&nbsp;<\/div>\n<div>\n<div>\n<p>&nbsp;<strong><strong>Unsere Therapieschwerpunkte<\/strong><\/strong><\/p>\n<p>Informieren Sie sich \u00fcber die Physiotherapie, Manuelle Therapie und weit<\/p>\n<p>ere Angebote.<\/p>\n<\/div>\n<\/div>\n<div>&nbsp;<\/div>\n<div>&nbsp;<\/div>\n<p><strong>Kurse f\u00fcr ein ges\u00fcnderes Leben<\/strong><\/p>\n<p>Ob R\u00fcckenschule oder Wirbels\u00e4ulengymnastik: Unser umfangreiches Kursprogramm hilft Ihnen dabei, bewusst und mit Freude etwas f\u00fcr Ihre Gesundheit zu tun.<\/p>\n<p><strong>\u00dcber die Praxis<\/strong><\/p>\n<p>Unser kompetentes und freundliches Team setzt seit Jahren&nbsp;moderne Techniken gezielt ein, um sie individuell und bestm\u00f6glich zu behandeln.<\/p>\n<p><\/p>\n<div>&nbsp;<\/div>\n<div class=\"alignright\" style=\"z-index: 7; text-align: center;\">&nbsp;<\/div>\n\n\n<p><\/p>\n\n\n\n<figure class=\"wp-block-image\"><img alt=\"\"\/><\/figure>\n\n\n\n<figure class=\"wp-block-image\"><img alt=\"\"\/><\/figure>\n\n\n\n<figure class=\"wp-block-image\"><img alt=\"\"\/><\/figure>\n\n\n\n<figure class=\"wp-block-image\"><img alt=\"\"\/><\/figure>\n","protected":false},"excerpt":{"rendered":"<p>Unterst\u00fctzt Ihre Firma Sie bei ihrer Gesundheit? Immer mehr Firmen werden Partner bei der Gesundheitsf\u00f6rderung ihrer Mitarbeiter mit dem EGYM-Wellpass. Ist ihr Arbeitgeber bereits Mitglied ? Als EGYM-Partner bieten wir ihnen unkomplizierte und effektive Trainingsangebote. EGYM-Wellpass Homepage UNSERE AKTUELLEN \u00d6FFNUNGSZEITEN Therapie &amp; Fitness in Horgenzell Auf den folgenden Seiten m\u00f6chten wir Sie \u00fcber die Leistungsvielfalt [&hellip;]<\/p>\n","protected":false},"author":1,"featured_media":0,"parent":0,"menu_order":0,"comment_status":"closed","ping_status":"closed","template":"page-templates\/front-page.php","meta":[],"_links":{"self":[{"href":"http:\/\/www.buettcher.de\/index.php?rest_route=\/wp\/v2\/pages\/11"}],"collection":[{"href":"http:\/\/www.buettcher.de\/index.php?rest_route=\/wp\/v2\/pages"}],"about":[{"href":"http:\/\/www.buettcher.de\/index.php?rest_route=\/wp\/v2\/types\/page"}],"author":[{"embeddable":true,"href":"http:\/\/www.buettcher.de\/index.php?rest_route=\/wp\/v2\/users\/1"}],"replies":[{"embeddable":true,"href":"http:\/\/www.buettcher.de\/index.php?rest_route=%2Fwp%2Fv2%2Fcomments&post=11"}],"version-history":[{"count":63,"href":"http:\/\/www.buettcher.de\/index.php?rest_route=\/wp\/v2\/pages\/11\/revisions"}],"predecessor-version":[{"id":603,"href":"http:\/\/www.buettcher.de\/index.php?rest_route=\/wp\/v2\/pages\/11\/revisions\/603"}],"wp:attachment":[{"href":"http:\/\/www.buettcher.de\/index.php?rest_route=%2Fwp%2Fv2%2Fmedia&parent=11"}],"curies":[{"name":"wp","href":"https:\/\/api.w.org\/{rel}","templated":true}]}}